{"version":"1.0","provider_name":"Stowarzyszenie MOST","provider_url":"https:\/\/www.mostkatowice.pl\/en","author_name":"Agnieszka","author_url":"https:\/\/www.mostkatowice.pl\/en\/author\/agnieszka\/","title":"Zapraszamy na Forum Organizacji Pozarz\u0105dowych pod has\u0142em \"Wsp\u00f3lnie do warto\u015bci. \" - Stowarzyszenie MOST","type":"rich","width":600,"height":338,"html":"<blockquote class=\"wp-embedded-content\" data-secret=\"MUYYfazY9h\"><a href=\"https:\/\/www.mostkatowice.pl\/en\/30lastowarzyszeniamost\/\">Zapraszamy na Forum Organizacji Pozarz\u0105dowych pod has\u0142em &#8222;Wsp\u00f3lnie do warto\u015bci. &#8222;<\/a><\/blockquote><iframe sandbox=\"allow-scripts\" security=\"restricted\" src=\"https:\/\/www.mostkatowice.pl\/en\/30lastowarzyszeniamost\/embed\/#?secret=MUYYfazY9h\" width=\"600\" height=\"338\" title=\"&#8220;Zapraszamy na Forum Organizacji Pozarz\u0105dowych pod has\u0142em &#8222;Wsp\u00f3lnie do warto\u015bci. &#8222;&#8221; &#8212; Stowarzyszenie MOST\" data-secret=\"MUYYfazY9h\" frameborder=\"0\" marginwidth=\"0\" marginheight=\"0\" scrolling=\"no\" class=\"wp-embedded-content\"><\/iframe><script>\n\/*! This file is auto-generated *\/\n!function(d,l){\"use strict\";l.querySelector&&d.addEventListener&&\"undefined\"!=typeof URL&&(d.wp=d.wp||{},d.wp.receiveEmbedMessage||(d.wp.receiveEmbedMessage=function(e){var t=e.data;if((t||t.secret||t.message||t.value)&&!\/[^a-zA-Z0-9]\/.test(t.secret)){for(var s,r,n,a=l.querySelectorAll('iframe[data-secret=\"'+t.secret+'\"]'),o=l.querySelectorAll('blockquote[data-secret=\"'+t.secret+'\"]'),c=new RegExp(\"^https?:$\",\"i\"),i=0;i<o.length;i++)o[i].style.display=\"none\";for(i=0;i<a.length;i++)s=a[i],e.source===s.contentWindow&&(s.removeAttribute(\"style\"),\"height\"===t.message?(1e3<(r=parseInt(t.value,10))?r=1e3:~~r<200&&(r=200),s.height=r):\"link\"===t.message&&(r=new URL(s.getAttribute(\"src\")),n=new URL(t.value),c.test(n.protocol))&&n.host===r.host&&l.activeElement===s&&(d.top.location.href=t.value))}},d.addEventListener(\"message\",d.wp.receiveEmbedMessage,!1),l.addEventListener(\"DOMContentLoaded\",function(){for(var e,t,s=l.querySelectorAll(\"iframe.wp-embedded-content\"),r=0;r<s.length;r++)(t=(e=s[r]).getAttribute(\"data-secret\"))||(t=Math.random().toString(36).substring(2,12),e.src+=\"#?secret=\"+t,e.setAttribute(\"data-secret\",t)),e.contentWindow.postMessage({message:\"ready\",secret:t},\"*\")},!1)))}(window,document);\n\/\/# sourceURL=https:\/\/www.mostkatowice.pl\/wp-includes\/js\/wp-embed.min.js\n<\/script>","thumbnail_url":"http:\/\/www.mostkatowice.pl\/wp-content\/uploads\/2024\/07\/FOP.png","thumbnail_width":1250,"thumbnail_height":625,"description":"Serdecznie zapraszamy do udzia\u0142u w Forum Organizacji Pozarz\u0105dowych. To wyj\u0105tkowe wydarzenie b\u0119dzie doskona\u0142\u0105 okazj\u0105 do \u015bwi\u0119towania trzech dekad wsparcia spo\u0142ecze\u0144stwa obywatelskiego oraz planowania kolejnych trzydziestu lat dzia\u0142a\u0144. Konferencja stanowi platform\u0119 do refleksji nad osi\u0105gni\u0119ciami, wymiany do\u015bwiadcze\u0144 oraz wsp\u00f3lnego wyznaczania przysz\u0142ych kierunk\u00f3w rozwoju organizacji pozarz\u0105dowych w naszym regionie. Stowarzyszenie MOST od 30 lat \u0142\u0105czy ludzi i [&hellip;]"}